{"id":137,"date":"2017-08-31T15:31:39","date_gmt":"2017-08-31T14:31:39","guid":{"rendered":"http:\/\/manu.wildsteiger-land.de\/?page_id=137"},"modified":"2025-03-17T18:10:09","modified_gmt":"2025-03-17T18:10:09","slug":"news","status":"publish","type":"page","link":"https:\/\/wildsteiger-land.de\/?page_id=137","title":{"rendered":"News"},"content":{"rendered":"<p style=\"text-align: center;\">17.03.2025<\/p>\n<p style=\"text-align: center;\">Neues unter Verk\u00e4ufe<\/p>\n<hr \/>\n<p style=\"text-align: center;\">07.07.2022<\/p>\n<p style=\"text-align: center;\">Zoe besteht am 26.06. in der OG Peiting unter Richter B. Prem ihre IGP 1.<\/p>\n<p style=\"text-align: center;\">Neues unter Zuchtplanung.<\/p>\n<hr \/>\n<p style=\"text-align: center;\">29.05.2022<\/p>\n<p><img loading=\"lazy\" decoding=\"async\" class=\"size-medium wp-image-757 aligncenter\" src=\"https:\/\/wildsteiger-land.de\/wp-content\/uploads\/2022\/05\/20220509_171805-204x300.jpg\" alt=\"\" width=\"204\" height=\"300\" srcset=\"https:\/\/wildsteiger-land.de\/wp-content\/uploads\/2022\/05\/20220509_171805-204x300.jpg 204w, https:\/\/wildsteiger-land.de\/wp-content\/uploads\/2022\/05\/20220509_171805-698x1024.jpg 698w, https:\/\/wildsteiger-land.de\/wp-content\/uploads\/2022\/05\/20220509_171805-768x1127.jpg 768w, https:\/\/wildsteiger-land.de\/wp-content\/uploads\/2022\/05\/20220509_171805-1046x1536.jpg 1046w, https:\/\/wildsteiger-land.de\/wp-content\/uploads\/2022\/05\/20220509_171805-1395x2048.jpg 1395w, https:\/\/wildsteiger-land.de\/wp-content\/uploads\/2022\/05\/20220509_171805.jpg 1411w\" sizes=\"auto, (max-width: 204px) 100vw, 204px\" \/><\/p>\n<p><img loading=\"lazy\" decoding=\"async\" class=\"size-medium wp-image-762 aligncenter\" src=\"https:\/\/wildsteiger-land.de\/wp-content\/uploads\/2022\/05\/FB_IMG_1653841513988-300x194.jpg\" alt=\"\" width=\"300\" height=\"194\" srcset=\"https:\/\/wildsteiger-land.de\/wp-content\/uploads\/2022\/05\/FB_IMG_1653841513988-300x194.jpg 300w, https:\/\/wildsteiger-land.de\/wp-content\/uploads\/2022\/05\/FB_IMG_1653841513988-1024x661.jpg 1024w, https:\/\/wildsteiger-land.de\/wp-content\/uploads\/2022\/05\/FB_IMG_1653841513988-768x496.jpg 768w, https:\/\/wildsteiger-land.de\/wp-content\/uploads\/2022\/05\/FB_IMG_1653841513988.jpg 1080w\" sizes=\"auto, (max-width: 300px) 100vw, 300px\" \/><\/p>\n<p style=\"text-align: center;\">Neues unter Verkauf<\/p>\n<hr \/>\n<p style=\"text-align: center;\">29.11.2021<\/p>\n<p style=\"text-align: center;\">Neues unter <span style=\"color: #000000;\"><a style=\"color: #000000;\" href=\"https:\/\/wildsteiger-land.de\/?page_id=126\">Zuchtplanung<\/a><\/span><\/p>\n<hr \/>\n<p style=\"text-align: center;\">07.10.2021<\/p>\n<p style=\"text-align: center;\">Am 02.\/03.10. besteht Zaisie vom Wildsteiger Land in der OG Peiting unter Richter A. Fai\u00dft ihre IGP 2.<\/p>\n<p style=\"text-align: center;\">Uranus erhielt auf der amerikanischen Siegerschau ein spitzen V.<\/p>\n<hr \/>\n<p style=\"text-align: center;\">09.08.2021<\/p>\n<p>Am 07.08. wurde Una in der OG Peiting und KM R. Mast auf Lebzeit gek\u00f6rt. Zaisie wurde f\u00fcr 2022\/2023 angek\u00f6rt und erhielt einen sehr guten K\u00f6rbericht.<\/p>\n<p>Am 20.06. besteht Zoe ihre BH und Zaisie ihre IGP 1 in der OG Peiting unter Richter J. Armbruster.<\/p>\n<hr \/>\n<p style=\"text-align: center;\">11.05.2021<\/p>\n<p style=\"text-align: center;\">Zaisie vom Wildsteiger Land besteht am 02.05.2021 in der OG Bretten-Rinklingen ihre BH Pr\u00fcfung unter Richter D. Breunig.<\/p>\n<hr \/>\n<p style=\"text-align: center;\">10.02.2021<\/p>\n<p><img loading=\"lazy\" decoding=\"async\" class=\"alignleft  wp-image-688\" src=\"https:\/\/wildsteiger-land.de\/wp-content\/uploads\/2021\/02\/3-Generationen-3-300x109.jpg\" alt=\"\" width=\"592\" height=\"215\" srcset=\"https:\/\/wildsteiger-land.de\/wp-content\/uploads\/2021\/02\/3-Generationen-3-300x109.jpg 300w, https:\/\/wildsteiger-land.de\/wp-content\/uploads\/2021\/02\/3-Generationen-3-768x279.jpg 768w, https:\/\/wildsteiger-land.de\/wp-content\/uploads\/2021\/02\/3-Generationen-3-1024x372.jpg 1024w, https:\/\/wildsteiger-land.de\/wp-content\/uploads\/2021\/02\/3-Generationen-3.jpg 1559w\" sizes=\"auto, (max-width: 592px) 100vw, 592px\" \/><\/p>\n<hr \/>\n<hr \/>\n<p style=\"text-align: center;\">31.10.2020<\/p>\n<p style=\"text-align: center;\">Neues unter <span style=\"color: #000000;\"><a style=\"color: #000000;\" href=\"https:\/\/wildsteiger-land.de\/?page_id=126\">Zuchtplanung<\/a><\/span>.<\/p>\n<p style=\"text-align: center;\">Zoe und Zaisie vom Wildsteiger Land haben am 10.10.2020 erfolgreich an der Wesensbeurteilung in der OG Peiting teilgenommen.<\/p>\n<hr \/>\n<p style=\"text-align: center;\">27.07.2020<\/p>\n<p style=\"text-align: center;\">Training mit Amor vom Team Wildsteiger Land<\/p>\n<p><img loading=\"lazy\" decoding=\"async\" class=\"size-medium wp-image-625 aligncenter\" src=\"https:\/\/wildsteiger-land.de\/wp-content\/uploads\/2020\/07\/IMG-20200726-WA0005-300x233.jpg\" alt=\"\" width=\"300\" height=\"233\" srcset=\"https:\/\/wildsteiger-land.de\/wp-content\/uploads\/2020\/07\/IMG-20200726-WA0005-300x233.jpg 300w, https:\/\/wildsteiger-land.de\/wp-content\/uploads\/2020\/07\/IMG-20200726-WA0005-768x598.jpg 768w, https:\/\/wildsteiger-land.de\/wp-content\/uploads\/2020\/07\/IMG-20200726-WA0005-1024x797.jpg 1024w, https:\/\/wildsteiger-land.de\/wp-content\/uploads\/2020\/07\/IMG-20200726-WA0005.jpg 1600w\" sizes=\"auto, (max-width: 300px) 100vw, 300px\" \/><\/p>\n<hr \/>\n<p style=\"text-align: center;\">21.06.2020<\/p>\n<p style=\"text-align: center;\">Zwei aus dem Z-Wurf wurden mit sehr gutem Ergebnis ger\u00f6ntgt. Zoe vom Wildsteiger Land HD normal ED fast normal. Zaisie vom Wildsteiger Land mit HD &amp; ED normal. Wir freuen uns sehr.<\/p>\n<hr \/>\n<p style=\"text-align: center;\">01.06.2020<\/p>\n<p style=\"text-align: center;\">Heute wurde Vrenni vom Wildsteiger Land nach Urex vom Gebenbacher Land belegt. Mehr unter<span style=\"color: #000000;\"> <a style=\"color: #000000;\" href=\"https:\/\/wildsteiger-land.de\/?page_id=126\">Zuchtplanung<\/a><\/span><\/p>\n<hr \/>\n<p style=\"text-align: center;\">12.05.2020<\/p>\n<p style=\"text-align: center;\"><span style=\"color: #000000;\"><a style=\"color: #000000;\" href=\"https:\/\/wildsteiger-land.de\/?page_id=604\">Zaisie vom Wildsteiger Land<\/a><\/span> unter H\u00fcndinnen hinzugef\u00fcgt.<\/p>\n<hr \/>\n<p style=\"text-align: center;\">17.12.2019<\/p>\n<p style=\"text-align: center;\">Weitere Welpenbilder sind online. Mehr unter <span style=\"color: #000000;\"><a style=\"color: #000000;\" href=\"https:\/\/wildsteiger-land.de\/?page_id=126\">Zuchtplanung<\/a><\/span><\/p>\n<hr \/>\n<p style=\"text-align: center;\">02.12.2019<\/p>\n<p style=\"text-align: center;\">Die ersten Welpenbilder sind online. Mehr unter <span style=\"color: #000000;\"><a style=\"color: #000000;\" href=\"https:\/\/wildsteiger-land.de\/?page_id=126\">Zuchtplanung<\/a><\/span>.<\/p>\n<hr \/>\n<p style=\"text-align: center;\">30.11.2019<\/p>\n<p style=\"text-align: center;\">Wir haben Welpen. Mehr unter <a href=\"https:\/\/wildsteiger-land.de\/?page_id=126\"><span style=\"color: #000000;\">Zuchtplanung<\/span>\u00a0<\/a><\/p>\n<hr \/>\n<p style=\"text-align: center;\">09.09.2019<\/p>\n<p style=\"text-align: center;\">Una vom Wildsteiger Land erhielt auf der BSZS 2019 die Bewertung Vorz\u00fcglich. Vielen Dank an Herrn Bu\u00df f\u00fcr das faire Richten. Und Danke an Jasmin Hepp f\u00fcr die hervorragende Pr\u00e4sentation von Una.<\/p>\n<p><img loading=\"lazy\" decoding=\"async\" class=\"aligncenter wp-image-549 size-medium\" src=\"https:\/\/wildsteiger-land.de\/wp-content\/uploads\/2019\/09\/69958801_443889899542042_7808358781598826496_n-225x300.jpg\" alt=\"\" width=\"225\" height=\"300\" srcset=\"https:\/\/wildsteiger-land.de\/wp-content\/uploads\/2019\/09\/69958801_443889899542042_7808358781598826496_n-225x300.jpg 225w, https:\/\/wildsteiger-land.de\/wp-content\/uploads\/2019\/09\/69958801_443889899542042_7808358781598826496_n.jpg 720w\" sizes=\"auto, (max-width: 225px) 100vw, 225px\" \/><\/p>\n<hr \/>\n<p style=\"text-align: center;\">29.08.2019<\/p>\n<p style=\"text-align: center;\">Una vom Wildsteiger Land erhielt am 25.08. in der OG Isny die Bewertung V4. Wir freuen uns sehr.<\/p>\n<p style=\"text-align: center;\">Neues unter <a href=\"https:\/\/wildsteiger-land.de\/?page_id=374\">Verkauf<\/a>.<\/p>\n<hr \/>\n<p style=\"text-align: center;\">24.07.2019<\/p>\n<p style=\"text-align: center;\">Una vom Wildsteiger Land besteht Ihre FH1 mit 91 Punkten in der OG Peiting bei Richter A. Fai\u00dft.<\/p>\n<hr \/>\n<p style=\"text-align: center;\">12.05.2019<\/p>\n<p style=\"text-align: center;\">Am 11.05.2019 wurde Vrenni vom Wildsteiger Land in der OG Peiting f\u00fcr 2020\/21 angek\u00f6rt.<\/p>\n<hr \/>\n<p style=\"text-align: center;\">17.12.2018<\/p>\n<p style=\"text-align: center;\">Am 15.12. besteht Yaak vom Wildsteiger Land in der OG G\u00fcnzburg seine Wesensbeurteilung bei Richter Jochen Prall.<\/p>\n<p style=\"text-align: center;\">Bericht und Bilder folgen.<\/p>\n<hr \/>\n<p style=\"text-align: center;\">22.11.2018<\/p>\n<p style=\"text-align: center;\">Am 03.11.2018 besteht Vrenni vom Wildsteiger Land in der OG Peiting unter Richter A. Rath Ihre IPO 1. Am 04.11.2018 erhielt Vrenni in der GHKL\u00a0 unter Richter R. Mast die Bewertung V1. Wir freuen uns sehr.<\/p>\n<p><img loading=\"lazy\" decoding=\"async\" class=\"size-medium wp-image-485 aligncenter\" src=\"https:\/\/wildsteiger-land.de\/wp-content\/uploads\/2018\/11\/45361663_304563496808017_4938960911474884608_n-223x300.jpg\" alt=\"\" width=\"223\" height=\"300\" srcset=\"https:\/\/wildsteiger-land.de\/wp-content\/uploads\/2018\/11\/45361663_304563496808017_4938960911474884608_n-223x300.jpg 223w, https:\/\/wildsteiger-land.de\/wp-content\/uploads\/2018\/11\/45361663_304563496808017_4938960911474884608_n.jpg 714w\" sizes=\"auto, (max-width: 223px) 100vw, 223px\" \/><\/p>\n<hr \/>\n<p style=\"text-align: center;\">26.08.2018<\/p>\n<p style=\"text-align: center;\">Ein erfolgreiches\u00a0 Wochenende geht zu Ende. Am Samstag wurde Una in der OG Isny unter K\u00f6rmeister R. Mast mit einem sehr guten K\u00f6rbericht f\u00fcr 2019\/20 angek\u00f6rt.<\/p>\n<p style=\"text-align: center;\">Am Sonntag erhielt Una auf der Zucht- und Nachwuchsschau in Isny unter Richter C. Lang die Bewertung V3. Uranus erhielt unter Richter H.-P. Rieker die Bewertung V2.<\/p>\n<p><img loading=\"lazy\" decoding=\"async\" class=\"size-medium wp-image-471 aligncenter\" src=\"https:\/\/wildsteiger-land.de\/wp-content\/uploads\/2018\/08\/40199377_280907865840247_501296470981345280_n-223x300.jpg\" alt=\"\" width=\"223\" height=\"300\" srcset=\"https:\/\/wildsteiger-land.de\/wp-content\/uploads\/2018\/08\/40199377_280907865840247_501296470981345280_n-223x300.jpg 223w, https:\/\/wildsteiger-land.de\/wp-content\/uploads\/2018\/08\/40199377_280907865840247_501296470981345280_n.jpg 714w\" sizes=\"auto, (max-width: 223px) 100vw, 223px\" \/><\/p>\n<hr \/>\n<p style=\"text-align: center;\">23.08.2018<\/p>\n<p style=\"text-align: center;\">Auf der SHZS \u00d6sterreich vom 09.08.-11.08.2018 erhielt Uranus die Bewertung V4. Seine Tochter Yankee erhielt die Bewertung VV6.<\/p>\n<p style=\"text-align: center;\">Wir freuen uns sehr.<\/p>\n<table>\n<tbody>\n<tr>\n<td><img loading=\"lazy\" decoding=\"async\" class=\"alignleft size-medium wp-image-467\" src=\"https:\/\/wildsteiger-land.de\/wp-content\/uploads\/2018\/08\/38885421_266670170597350_7665944469291663360_n-223x300.jpg\" alt=\"\" width=\"223\" height=\"300\" srcset=\"https:\/\/wildsteiger-land.de\/wp-content\/uploads\/2018\/08\/38885421_266670170597350_7665944469291663360_n-223x300.jpg 223w, https:\/\/wildsteiger-land.de\/wp-content\/uploads\/2018\/08\/38885421_266670170597350_7665944469291663360_n.jpg 714w\" sizes=\"auto, (max-width: 223px) 100vw, 223px\" \/><\/td>\n<td><img loading=\"lazy\" decoding=\"async\" class=\"alignleft size-medium wp-image-466\" src=\"https:\/\/wildsteiger-land.de\/wp-content\/uploads\/2018\/08\/38912130_266848310579536_9189249655559421952_n-223x300.jpg\" alt=\"\" width=\"223\" height=\"300\" srcset=\"https:\/\/wildsteiger-land.de\/wp-content\/uploads\/2018\/08\/38912130_266848310579536_9189249655559421952_n-223x300.jpg 223w, https:\/\/wildsteiger-land.de\/wp-content\/uploads\/2018\/08\/38912130_266848310579536_9189249655559421952_n.jpg 714w\" sizes=\"auto, (max-width: 223px) 100vw, 223px\" \/><\/td>\n<\/tr>\n<\/tbody>\n<\/table>\n<hr \/>\n<p style=\"text-align: center;\">23.07.2018<\/p>\n<p style=\"text-align: center;\">Uranus erhielt auf der LGZS LG Bayern S\u00fcd die Bewertung V3.<\/p>\n<hr \/>\n<p style=\"text-align: center;\">17.06.2018<\/p>\n<p style=\"text-align: center;\">Gestern besteht Una vom Wildsteiger Land ihre IPO 1 und Vrenni vom Wildsteiger Land ihre Begleithundepr\u00fcfung in der OG Peiting und Richter A. Fai\u00dft. Wir freuen uns sehr.<\/p>\n<table>\n<tbody>\n<tr>\n<td>\n<p><div id=\"attachment_439\" style=\"width: 310px\" class=\"wp-caption alignleft\"><img loading=\"lazy\" decoding=\"async\" aria-describedby=\"caption-attachment-439\" class=\"size-medium wp-image-439\" src=\"https:\/\/wildsteiger-land.de\/wp-content\/uploads\/2018\/06\/35439675_1927997563898466_664162502724026368_n-300x200.jpg\" alt=\"\" width=\"300\" height=\"200\" srcset=\"https:\/\/wildsteiger-land.de\/wp-content\/uploads\/2018\/06\/35439675_1927997563898466_664162502724026368_n-300x200.jpg 300w, https:\/\/wildsteiger-land.de\/wp-content\/uploads\/2018\/06\/35439675_1927997563898466_664162502724026368_n-768x512.jpg 768w, https:\/\/wildsteiger-land.de\/wp-content\/uploads\/2018\/06\/35439675_1927997563898466_664162502724026368_n-1024x683.jpg 1024w\" sizes=\"auto, (max-width: 300px) 100vw, 300px\" \/><p id=\"caption-attachment-439\" class=\"wp-caption-text\">Una nach der F\u00e4hrte<\/p><\/div><\/td>\n<td>\n<p><div id=\"attachment_438\" style=\"width: 310px\" class=\"wp-caption alignleft\"><img loading=\"lazy\" decoding=\"async\" aria-describedby=\"caption-attachment-438\" class=\"size-medium wp-image-438\" src=\"https:\/\/wildsteiger-land.de\/wp-content\/uploads\/2018\/06\/35242649_1927996170565272_3873393518340734976_n-300x200.jpg\" alt=\"\" width=\"300\" height=\"200\" srcset=\"https:\/\/wildsteiger-land.de\/wp-content\/uploads\/2018\/06\/35242649_1927996170565272_3873393518340734976_n-300x200.jpg 300w, https:\/\/wildsteiger-land.de\/wp-content\/uploads\/2018\/06\/35242649_1927996170565272_3873393518340734976_n-768x512.jpg 768w, https:\/\/wildsteiger-land.de\/wp-content\/uploads\/2018\/06\/35242649_1927996170565272_3873393518340734976_n-1024x683.jpg 1024w\" sizes=\"auto, (max-width: 300px) 100vw, 300px\" \/><p id=\"caption-attachment-438\" class=\"wp-caption-text\">Vrenni bei der Unterordnung<\/p><\/div><\/td>\n<\/tr>\n<\/tbody>\n<\/table>\n<hr \/>\n<p style=\"text-align: center;\">17.02.2018<\/p>\n<p style=\"text-align: center;\">Am 13.02.2018 belegt Uranus die H\u00fcndin Anke vom Leithawald.<\/p>\n<p style=\"text-align: center;\">Die Welpen von Uranus und Gibsy vom Gletschertopf sind geboren. Wurfst\u00e4rke 5\/2.<\/p>\n<hr \/>\n<p style=\"text-align: center;\">01.02.2018<\/p>\n<p style=\"text-align: center;\">Am 25.01. belegt Uranus die H\u00fcndin India del Murnighello<\/p>\n<hr \/>\n<p style=\"text-align: center;\">19.01.2018<\/p>\n<p style=\"text-align: center;\">Die ersten Welpen nach Uranus sind geboren. Auch unter Nachkommen Uranus zu sehen.<\/p>\n<p><img loading=\"lazy\" decoding=\"async\" class=\"size-full wp-image-418 aligncenter\" src=\"https:\/\/wildsteiger-land.de\/wp-content\/uploads\/2018\/01\/Welpen-Uranus.jpg\" alt=\"\" width=\"373\" height=\"280\" srcset=\"https:\/\/wildsteiger-land.de\/wp-content\/uploads\/2018\/01\/Welpen-Uranus.jpg 373w, https:\/\/wildsteiger-land.de\/wp-content\/uploads\/2018\/01\/Welpen-Uranus-300x225.jpg 300w\" sizes=\"auto, (max-width: 373px) 100vw, 373px\" \/><\/p>\n<p style=\"text-align: center;\">Mutter: Erta di Zenevredo (Wurfst\u00e4rke: 4\/4 Wurftag: 10.12.2017)<\/p>\n<hr \/>\n<p style=\"text-align: center;\">28.12.2017<\/p>\n<p style=\"text-align: center;\">Uranus vom Wildsteiger Land belegt die H\u00fcndin Garni Best of the Gods<\/p>\n<hr \/>\n<p style=\"text-align: center;\">25.12.2017<\/p>\n<p style=\"text-align: center;\">Neues unter Zuchtplanung<\/p>\n<hr \/>\n<p style=\"text-align: center;\">23.12.2017 Uranus vom Wildsteiger Land belegt die H\u00fcndin Vanja d\u00b4Ulmental<\/p>\n<hr \/>\n<p style=\"text-align: center;\">16.12.2017<\/p>\n<p style=\"text-align: center;\">Uranus vom Wildsteiger Land belegt die H\u00fcndin Gibsy vom Gletschertopf<\/p>\n<hr \/>\n<p style=\"text-align: center;\">11.12.2017<\/p>\n<p style=\"text-align: center;\">Uranus vom Wildsteiger Land belegt die H\u00fcndin Goldie od Reky Luciny<\/p>\n<hr \/>\n<p style=\"text-align: center;\">04.12.2017<\/p>\n<p style=\"text-align: center;\">Uranus vom Wildsteiger Land belegt die H\u00fcndin Erryne Best of the Gods<\/p>\n<hr \/>\n<p style=\"text-align: center;\">19.11.2017<\/p>\n<p style=\"text-align: center;\">Uranus vom Wildsteiger Land besteht am 11.11.2017 unter Leistungsrichter H. Armbruster seine IPO 2 als Tagessieger. Una vom Wildsteiger Land besteht Ihre FPr 1<\/p>\n<hr \/>\n<p style=\"text-align: center;\">10.11.2017<\/p>\n<p style=\"text-align: center;\">Neuigkeiten unter Verkauf<\/p>\n<hr \/>\n<p style=\"text-align: center;\">21.10.2017<\/p>\n<p style=\"text-align: center;\">Uranus vom Wildsteiger Land belegt die H\u00fcndin Orca della Roggia Castellana<\/p>\n<hr \/>\n<p style=\"text-align: center;\">16.10.2017<\/p>\n<p style=\"text-align: center;\">Die neue Seite geht online<\/p>\n<hr \/>\n<p style=\"text-align: center;\">09.10.2017<\/p>\n<p style=\"text-align: center;\">Uranus vom Wildsteiger Land belegt die H\u00fcndin Erta Di Zenevredo<\/p>\n<hr \/>\n<p style=\"text-align: center;\">23.09.2017<\/p>\n<p style=\"text-align: center;\">Uranus vom Wildsteiger Land belegt die H\u00fcndin Hera di Casa Giovannini<\/p>\n","protected":false},"excerpt":{"rendered":"<p>17.03.2025 Neues unter Verk\u00e4ufe 07.07.2022 Zoe besteht am 26.06. in der OG Peiting unter Richter B. Prem ihre IGP 1. Neues unter Zuchtplanung. 29.05.2022 Neues unter Verkauf 29.11.2021 Neues unter Zuchtplanung 07.10.2021 Am 02.\/03.10. besteht Zaisie vom Wildsteiger Land in &hellip; <a href=\"https:\/\/wildsteiger-land.de\/?page_id=137\">Weiterlesen <span class=\"meta-nav\">&rarr;<\/span><\/a><\/p>\n","protected":false},"author":1,"featured_media":0,"parent":0,"menu_order":0,"comment_status":"closed","ping_status":"closed","template":"onecolumn-page.php","meta":{"footnotes":""},"class_list":["post-137","page","type-page","status-publish","hentry"],"_links":{"self":[{"href":"https:\/\/wildsteiger-land.de\/index.php?rest_route=\/wp\/v2\/pages\/137","targetHints":{"allow":["GET"]}}],"collection":[{"href":"https:\/\/wildsteiger-land.de\/index.php?rest_route=\/wp\/v2\/pages"}],"about":[{"href":"https:\/\/wildsteiger-land.de\/index.php?rest_route=\/wp\/v2\/types\/page"}],"author":[{"embeddable":true,"href":"https:\/\/wildsteiger-land.de\/index.php?rest_route=\/wp\/v2\/users\/1"}],"replies":[{"embeddable":true,"href":"https:\/\/wildsteiger-land.de\/index.php?rest_route=%2Fwp%2Fv2%2Fcomments&post=137"}],"version-history":[{"count":41,"href":"https:\/\/wildsteiger-land.de\/index.php?rest_route=\/wp\/v2\/pages\/137\/revisions"}],"predecessor-version":[{"id":793,"href":"https:\/\/wildsteiger-land.de\/index.php?rest_route=\/wp\/v2\/pages\/137\/revisions\/793"}],"wp:attachment":[{"href":"https:\/\/wildsteiger-land.de\/index.php?rest_route=%2Fwp%2Fv2%2Fmedia&parent=137"}],"curies":[{"name":"wp","href":"https:\/\/api.w.org\/{rel}","templated":true}]}}